{"id":375,"date":"2024-08-23T18:41:02","date_gmt":"2024-08-23T18:41:02","guid":{"rendered":"https:\/\/copernicus.gis.is\/homepage\/?page_id=375"},"modified":"2025-09-23T12:38:22","modified_gmt":"2025-09-23T12:38:22","slug":"copernicus-in-iceland","status":"publish","type":"page","link":"https:\/\/copernicus.gis.is\/homepage\/index.php\/copernicus-in-iceland\/","title":{"rendered":"Copernicus in Iceland"},"content":{"rendered":"\n<figure class=\"wp-block-image size-full is-resized wp-duotone-unset-1\"><a href=\"https:\/\/www.copernicus.eu\/\"><img loading=\"lazy\" decoding=\"async\" width=\"679\" height=\"160\" src=\"https:\/\/copernicus.gis.is\/homepage\/wp-content\/uploads\/2024\/08\/copernicus_eu_logo_white.png\" alt=\"\" class=\"wp-image-234\" style=\"width:307px;height:auto\" srcset=\"https:\/\/copernicus.gis.is\/homepage\/wp-content\/uploads\/2024\/08\/copernicus_eu_logo_white.png 679w, https:\/\/copernicus.gis.is\/homepage\/wp-content\/uploads\/2024\/08\/copernicus_eu_logo_white-300x71.png 300w\" sizes=\"auto, (max-width: 679px) 100vw, 679px\" \/><\/a><\/figure>\n\n\n\n<div class=\"wp-block-cover alignwide is-light has-x-large-font-size has-aspect-ratio wp-duotone-unset-2\" style=\"border-style:none;border-width:0px;border-radius:0px;padding-top:0;padding-right:0;padding-bottom:0;padding-left:0;line-height:1.2;min-height:560px;aspect-ratio:16\/9;min-height:unset;\"><video class=\"wp-block-cover__video-background intrinsic-ignore\" autoplay muted loop playsinline src=\"https:\/\/copernicus.lmi.is\/homepage\/wp-content\/uploads\/2024\/06\/Sentinel_Iceland_2020-2024_fast.mp4\" data-object-fit=\"cover\"><\/video><span aria-hidden=\"true\" class=\"wp-block-cover__background has-background-dim-0 has-background-dim\" style=\"background-color:#FFF\"><\/span><div class=\"wp-block-cover__inner-container is-layout-constrained wp-container-core-cover-is-layout-da604d14 wp-block-cover-is-layout-constrained\">\n<p class=\"has-text-align-center has-large-font-size\"><\/p>\n<\/div><\/div>\n\n\n\n<h2 class=\"wp-block-heading\">What is the Copernicus Programme?<\/h2>\n\n\n\n<div style=\"height:24px\" aria-hidden=\"true\" class=\"wp-block-spacer\"><\/div>\n\n\n\n<figure class=\"wp-block-embed is-type-video is-provider-youtube wp-block-embed-youtube wp-embed-aspect-16-9 wp-has-aspect-ratio\"><div class=\"wp-block-embed__wrapper\">\n<iframe loading=\"lazy\" title=\"What is the Copernicus Programme?\" width=\"500\" height=\"281\" src=\"https:\/\/www.youtube.com\/embed\/MGJss4lDaBo?feature=oembed\" frameborder=\"0\" allow=\"accelerometer; autoplay; clipboard-write; encrypted-media; gyroscope; picture-in-picture; web-share\" referrerpolicy=\"strict-origin-when-cross-origin\" allowfullscreen><\/iframe>\n<\/div><\/figure>\n\n\n\n<p>The Copernicus program, initiated by the European Union, provides accurate and timely data on Earth\u2019s environment. Utilizing a network of satellites and ground-based systems, it monitors climate change, land, sea, and air conditions, supporting sustainable development and enhancing public safety across Europe and globally<\/p>\n\n\n\n<p><a href=\"https:\/\/copernicus.gis.is\/homepage\/index.php\/about-copernicus\/\">More about Copernicus<\/a><\/p>\n\n\n\n<p><a href=\"https:\/\/www.copernicus.eu\/\" target=\"_blank\" rel=\"noreferrer noopener\">Copernicus Official Website<\/a><\/p>\n\n\n\n<div style=\"height:24px\" aria-hidden=\"true\" class=\"wp-block-spacer\"><\/div>\n\n\n\n<hr class=\"wp-block-separator has-alpha-channel-opacity is-style-wide\"\/>\n\n\n\n<h2 class=\"wp-block-heading\">Iceland and Copernicus<\/h2>\n\n\n\n<div class=\"wp-block-media-text is-stacked-on-mobile\"><figure class=\"wp-block-media-text__media\"><a href=\"https:\/\/www.copernicus-user-uptake.eu\/user-uptake\/details\/promoting-use-of-copernicus-in-iceland-487\" target=\"_blank\" rel=\"noreferrer noopener\"><img loading=\"lazy\" decoding=\"async\" width=\"1024\" height=\"438\" src=\"https:\/\/copernicus.gis.is\/homepage\/wp-content\/uploads\/2024\/08\/EU-FPCUP-Logo_full_name-1024x438.jpg\" alt=\"Image Credit: FPCUP\" class=\"wp-image-237 size-full\" srcset=\"https:\/\/copernicus.gis.is\/homepage\/wp-content\/uploads\/2024\/08\/EU-FPCUP-Logo_full_name-1024x438.jpg 1024w, https:\/\/copernicus.gis.is\/homepage\/wp-content\/uploads\/2024\/08\/EU-FPCUP-Logo_full_name-300x128.jpg 300w, https:\/\/copernicus.gis.is\/homepage\/wp-content\/uploads\/2024\/08\/EU-FPCUP-Logo_full_name-768x328.jpg 768w, https:\/\/copernicus.gis.is\/homepage\/wp-content\/uploads\/2024\/08\/EU-FPCUP-Logo_full_name-1536x656.jpg 1536w, https:\/\/copernicus.gis.is\/homepage\/wp-content\/uploads\/2024\/08\/EU-FPCUP-Logo_full_name-2048x875.jpg 2048w\" sizes=\"auto, (max-width: 1024px) 100vw, 1024px\" \/><\/a><\/figure><div class=\"wp-block-media-text__content\">\n<p class=\"has-small-font-size\"><a href=\"https:\/\/www.copernicus-user-uptake.eu\/\" data-type=\"link\" data-id=\"https:\/\/www.copernicus-user-uptake.eu\/\" target=\"_blank\" rel=\"noreferrer noopener\">FPCUP<\/a>, or the Framework Partnership Agreement on Copernicus User Uptake, is an initiative funded by the European Union. It aims to initiate more use of Copernicus data and services in Iceland and raise awareness about social and economical benefits that Iceland can get from Copernicus.<\/p>\n\n\n\n<p class=\"has-small-font-size\"><a href=\"https:\/\/www.copernicus-user-uptake.eu\/user-uptake\/details\/promoting-use-of-copernicus-in-iceland-487\" data-type=\"link\" data-id=\"https:\/\/www.copernicus-user-uptake.eu\/user-uptake\/details\/promoting-use-of-copernicus-in-iceland-487\" target=\"_blank\" rel=\"noreferrer noopener\">Read more.<\/a><\/p>\n<\/div><\/div>\n\n\n\n<div class=\"wp-block-media-text is-stacked-on-mobile is-image-fill-element\"><figure class=\"wp-block-media-text__media\"><a href=\"https:\/\/ice-dust.com\/copernicus\/cams-ncp-iceland\/\" target=\"_blank\" rel=\"noreferrer noopener\"><img loading=\"lazy\" decoding=\"async\" width=\"1024\" height=\"683\" src=\"https:\/\/copernicus.gis.is\/homepage\/wp-content\/uploads\/2024\/08\/duststorm-1024x683.jpg\" alt=\"Image Credit: Kieran Baxter\" class=\"wp-image-332 size-full\" style=\"object-position:50% 50%\" srcset=\"https:\/\/copernicus.gis.is\/homepage\/wp-content\/uploads\/2024\/08\/duststorm-1024x683.jpg 1024w, https:\/\/copernicus.gis.is\/homepage\/wp-content\/uploads\/2024\/08\/duststorm-300x200.jpg 300w, https:\/\/copernicus.gis.is\/homepage\/wp-content\/uploads\/2024\/08\/duststorm-768x512.jpg 768w, https:\/\/copernicus.gis.is\/homepage\/wp-content\/uploads\/2024\/08\/duststorm-1536x1024.jpg 1536w, https:\/\/copernicus.gis.is\/homepage\/wp-content\/uploads\/2024\/08\/duststorm.jpg 2048w\" sizes=\"auto, (max-width: 1024px) 100vw, 1024px\" \/><\/a><\/figure><div class=\"wp-block-media-text__content\">\n<p class=\"has-small-font-size\"><a href=\"https:\/\/atmosphere.copernicus.eu\/iceland\" target=\"_blank\" rel=\"noreferrer noopener\">CAMS NCP Iceland<\/a> aims to enhance Iceland&#8217;s air quality monitoring and public awareness of environmental challenges like dust storms and volcanic ash. By integrating CAMS data with in-situ measurements, the project provides valuable insights into atmospheric conditions.<\/p>\n\n\n\n<p class=\"has-small-font-size\"><a href=\"https:\/\/ice-dust.com\/copernicus\/cams-ncp-iceland\/\" target=\"_blank\" rel=\"noreferrer noopener\">Read more.<\/a><\/p>\n<\/div><\/div>\n\n\n\n<div class=\"wp-block-media-text is-stacked-on-mobile is-image-fill-element\"><figure class=\"wp-block-media-text__media\"><a href=\"https:\/\/land.copernicus.eu\/en\/products\/corine-land-cover\" target=\"_blank\" rel=\"noreferrer noopener\"><img loading=\"lazy\" decoding=\"async\" width=\"1024\" height=\"724\" src=\"https:\/\/copernicus.gis.is\/homepage\/wp-content\/uploads\/2024\/08\/corine-1024x724.png\" alt=\"\" class=\"wp-image-241 size-full\" style=\"object-position:50% 50%\" srcset=\"https:\/\/copernicus.gis.is\/homepage\/wp-content\/uploads\/2024\/08\/corine-1024x724.png 1024w, https:\/\/copernicus.gis.is\/homepage\/wp-content\/uploads\/2024\/08\/corine-300x212.png 300w, https:\/\/copernicus.gis.is\/homepage\/wp-content\/uploads\/2024\/08\/corine-768x543.png 768w, https:\/\/copernicus.gis.is\/homepage\/wp-content\/uploads\/2024\/08\/corine-1536x1086.png 1536w, https:\/\/copernicus.gis.is\/homepage\/wp-content\/uploads\/2024\/08\/corine-2048x1448.png 2048w\" sizes=\"auto, (max-width: 1024px) 100vw, 1024px\" \/><\/a><\/figure><div class=\"wp-block-media-text__content\">\n<p class=\"has-small-font-size\"><a href=\"https:\/\/land.copernicus.eu\/en\/products\/corine-land-cover\" target=\"_blank\" rel=\"noreferrer noopener\">CORINE<\/a> is a Copernicus initiative focused on land cover mapping across Europe. It provides detailed data on land use changes, crucial for environmental planning and monitoring. Iceland participates in CORINE by contributing data on its unique landscapes, aiding in tracking changes due to natural events and human activities.<\/p>\n\n\n\n<p class=\"has-small-font-size\"><a href=\"https:\/\/www.lmi.is\/is\/landupplysingar\/gagnagrunnar\/corine-flokkun-landgerda\" data-type=\"link\" data-id=\"https:\/\/www.lmi.is\/static\/files\/corine\/corine_2018_lokaskyrsla.pdf\" target=\"_blank\" rel=\"noreferrer noopener\">Read more.<\/a><\/p>\n<\/div><\/div>\n\n\n\n<div class=\"wp-block-media-text is-stacked-on-mobile\"><figure class=\"wp-block-media-text__media\"><a href=\"https:\/\/copernicus.gis.is\/homepage\/index.php\/copernicus-in-iceland\/copernicus-marine-en\/blue-north\/\"><img loading=\"lazy\" decoding=\"async\" width=\"1024\" height=\"1024\" src=\"https:\/\/copernicus.gis.is\/homepage\/wp-content\/uploads\/2025\/08\/BlueNorthLogo.png\" alt=\"Credit: Marco Pizzolato\" class=\"wp-image-1664 size-full\" srcset=\"https:\/\/copernicus.gis.is\/homepage\/wp-content\/uploads\/2025\/08\/BlueNorthLogo.png 1024w, https:\/\/copernicus.gis.is\/homepage\/wp-content\/uploads\/2025\/08\/BlueNorthLogo-300x300.png 300w, https:\/\/copernicus.gis.is\/homepage\/wp-content\/uploads\/2025\/08\/BlueNorthLogo-150x150.png 150w, https:\/\/copernicus.gis.is\/homepage\/wp-content\/uploads\/2025\/08\/BlueNorthLogo-768x768.png 768w\" sizes=\"auto, (max-width: 1024px) 100vw, 1024px\" \/><\/a><\/figure><div class=\"wp-block-media-text__content\">\n<p class=\"has-small-font-size\">Launched in June 2025, <em>Blue North<\/em> is Iceland\u2019s first project under the Copernicus Marine National Collaboration Programme (Lot 3). Lead by the University of Iceland in collaboration with the Natural Science Institute of Iceland and the Icelandic Ocean Cluster. It aims to boost marine data literacy and user engagement, supporting national implementation of EU policies. <\/p>\n\n\n\n<p class=\"has-small-font-size\"><a href=\"https:\/\/copernicus.gis.is\/homepage\/index.php\/copernicus-in-iceland\/copernicus-marine-en\/blue-north\/\" data-type=\"page\" data-id=\"1654\">Read more.<\/a><\/p>\n<\/div><\/div>\n\n\n\n<div style=\"height:24px\" aria-hidden=\"true\" class=\"wp-block-spacer\"><\/div>\n\n\n\n<hr class=\"wp-block-separator has-alpha-channel-opacity is-style-wide\"\/>\n\n\n\n<h2 class=\"wp-block-heading\">Opportunities<\/h2>\n\n\n\n<div class=\"wp-block-media-text is-stacked-on-mobile\"><figure class=\"wp-block-media-text__media\"><a href=\"https:\/\/copernicus.gis.is\/homepage\/index.php\/copernicus-in-iceland\/copernicus-marine-en\/\"><img loading=\"lazy\" decoding=\"async\" width=\"1024\" height=\"768\" src=\"https:\/\/copernicus.gis.is\/homepage\/wp-content\/uploads\/2024\/06\/DJI_0487-1024x768.jpg\" alt=\"\" class=\"wp-image-11 size-full\" srcset=\"https:\/\/copernicus.gis.is\/homepage\/wp-content\/uploads\/2024\/06\/DJI_0487-1024x768.jpg 1024w, https:\/\/copernicus.gis.is\/homepage\/wp-content\/uploads\/2024\/06\/DJI_0487-300x225.jpg 300w, https:\/\/copernicus.gis.is\/homepage\/wp-content\/uploads\/2024\/06\/DJI_0487-768x576.jpg 768w, https:\/\/copernicus.gis.is\/homepage\/wp-content\/uploads\/2024\/06\/DJI_0487-1536x1152.jpg 1536w, https:\/\/copernicus.gis.is\/homepage\/wp-content\/uploads\/2024\/06\/DJI_0487-2048x1536.jpg 2048w\" sizes=\"auto, (max-width: 1024px) 100vw, 1024px\" \/><\/a><\/figure><div class=\"wp-block-media-text__content\">\n<p class=\"has-small-font-size\"><strong>Discover the ocean around Iceland!<\/strong> With Copernicus Marine data, you gain insight into currents, temperature, ice, and ecosystems that help us understand changes and protect the ocean\u2019s resources.<\/p>\n\n\n\n<p class=\"has-small-font-size\"><a href=\"https:\/\/copernicus.gis.is\/homepage\/index.php\/copernicus-in-iceland\/copernicus-marine-en\/\" data-type=\"page\" data-id=\"1447\">Read more<\/a><\/p>\n<\/div><\/div>\n\n\n\n<div class=\"wp-block-media-text is-stacked-on-mobile\"><figure class=\"wp-block-media-text__media\"><a href=\"https:\/\/www.copernicus.eu\/en\/media\/image-day-gallery\/snow-covered-iceland-after-cold-spell\" target=\"_blank\" rel=\"noreferrer noopener\"><img loading=\"lazy\" decoding=\"async\" width=\"1024\" height=\"650\" src=\"https:\/\/copernicus.gis.is\/homepage\/wp-content\/uploads\/2024\/06\/20230104_IcelandCloudless-1024x650.jpg\" alt=\"Credit: European Union, Copernicus Sentinel-3 imagery\" class=\"wp-image-112 size-full\" srcset=\"https:\/\/copernicus.gis.is\/homepage\/wp-content\/uploads\/2024\/06\/20230104_IcelandCloudless-1024x650.jpg 1024w, https:\/\/copernicus.gis.is\/homepage\/wp-content\/uploads\/2024\/06\/20230104_IcelandCloudless-300x190.jpg 300w, https:\/\/copernicus.gis.is\/homepage\/wp-content\/uploads\/2024\/06\/20230104_IcelandCloudless-768x487.jpg 768w, https:\/\/copernicus.gis.is\/homepage\/wp-content\/uploads\/2024\/06\/20230104_IcelandCloudless-1536x975.jpg 1536w, https:\/\/copernicus.gis.is\/homepage\/wp-content\/uploads\/2024\/06\/20230104_IcelandCloudless-2048x1299.jpg 2048w\" sizes=\"auto, (max-width: 1024px) 100vw, 1024px\" \/><\/a><\/figure><div class=\"wp-block-media-text__content\">\n<p class=\"has-small-font-size\">See iceland from above, learn about the changes and discover new perspectives in the Copernicus archive.<br><a href=\"https:\/\/www.copernicus.eu\/en\/media\/image-day\" target=\"_blank\" rel=\"noreferrer noopener\">Find the image of the day here.<\/a><\/p>\n\n\n\n<p class=\"has-small-font-size\"><a href=\"https:\/\/browser.dataspace.copernicus.eu\/?zoom=8&amp;lat=64.98981&amp;lng=-18.55591&amp;themeId=DEFAULT-THEME\" target=\"_blank\" rel=\"noreferrer noopener\">Explore daily Sentinel imagery here.<\/a><\/p>\n<\/div><\/div>\n\n\n\n<div class=\"wp-block-media-text is-stacked-on-mobile\"><figure class=\"wp-block-media-text__media\"><a href=\"https:\/\/copernicus.gis.is\/homepage\/index.php\/laera\/\"><img loading=\"lazy\" decoding=\"async\" width=\"1024\" height=\"683\" src=\"https:\/\/copernicus.gis.is\/homepage\/wp-content\/uploads\/2024\/06\/Sentinel-1-1024x683.jpg\" alt=\"Credit: ESA\/ATG medialab \u00a9ESA\" class=\"wp-image-23 size-full\" srcset=\"https:\/\/copernicus.gis.is\/homepage\/wp-content\/uploads\/2024\/06\/Sentinel-1-1024x683.jpg 1024w, https:\/\/copernicus.gis.is\/homepage\/wp-content\/uploads\/2024\/06\/Sentinel-1-300x200.jpg 300w, https:\/\/copernicus.gis.is\/homepage\/wp-content\/uploads\/2024\/06\/Sentinel-1-768x512.jpg 768w, https:\/\/copernicus.gis.is\/homepage\/wp-content\/uploads\/2024\/06\/Sentinel-1-1536x1024.jpg 1536w, https:\/\/copernicus.gis.is\/homepage\/wp-content\/uploads\/2024\/06\/Sentinel-1-2048x1366.jpg 2048w\" sizes=\"auto, (max-width: 1024px) 100vw, 1024px\" \/><\/a><\/figure><div class=\"wp-block-media-text__content\">\n<p class=\"has-small-font-size\">Explore Copernicus services related to Iceland and discover how satellite data helps us understand and protect our environment, nature, and planet. Start your journey today!<\/p>\n\n\n\n<p class=\"has-small-font-size\"><a data-type=\"page\" data-id=\"41\" href=\"https:\/\/copernicus.gis.is\/homepage\/index.php\/laera\/\">Read more.<\/a><\/p>\n<\/div><\/div>\n\n\n\n<div class=\"wp-block-media-text is-stacked-on-mobile\"><figure class=\"wp-block-media-text__media\"><a href=\"https:\/\/emergency.copernicus.eu\/mapping\/list-of-components\/EMSR099\" target=\"_blank\" rel=\"noreferrer noopener\"><img loading=\"lazy\" decoding=\"async\" width=\"1024\" height=\"724\" src=\"https:\/\/copernicus.lmi.is\/homepage\/wp-content\/uploads\/2024\/06\/20240209_Fagradalsfjall-1024x724.jpg\" alt=\"Credit: European Union, Copernicus Sentinel-2 imagery\" class=\"wp-image-114 size-full\" srcset=\"https:\/\/copernicus.gis.is\/homepage\/wp-content\/uploads\/2024\/06\/20240209_Fagradalsfjall-1024x724.jpg 1024w, https:\/\/copernicus.gis.is\/homepage\/wp-content\/uploads\/2024\/06\/20240209_Fagradalsfjall-300x212.jpg 300w, https:\/\/copernicus.gis.is\/homepage\/wp-content\/uploads\/2024\/06\/20240209_Fagradalsfjall-768x543.jpg 768w, https:\/\/copernicus.gis.is\/homepage\/wp-content\/uploads\/2024\/06\/20240209_Fagradalsfjall-1536x1086.jpg 1536w, https:\/\/copernicus.gis.is\/homepage\/wp-content\/uploads\/2024\/06\/20240209_Fagradalsfjall-2048x1448.jpg 2048w\" sizes=\"auto, (max-width: 1024px) 100vw, 1024px\" \/><\/a><\/figure><div class=\"wp-block-media-text__content\">\n<p class=\"has-small-font-size\">Copernicus, powered by Sentinel satellites, provides real-time data on floods, droughts, fires, and volcanic eruptions, enabling rapid response and long-term resilience planning by delivering accurate, actionable insights during natural disasters.<\/p>\n\n\n\n<p class=\"has-small-font-size\">Example: <a href=\"https:\/\/emergency.copernicus.eu\/mapping\/list-of-components\/EMSR099\" data-type=\"link\" data-id=\"https:\/\/emergency.copernicus.eu\/mapping\/list-of-components\/EMSR099\" target=\"_blank\" rel=\"noreferrer noopener\">Holuhraun eruption 2014<\/a><\/p>\n<\/div><\/div>\n\n\n\n<div class=\"wp-block-media-text is-stacked-on-mobile\"><figure class=\"wp-block-media-text__media\"><a href=\"https:\/\/www.copernicus-user-uptake.eu\/\" target=\"_blank\" rel=\"noreferrer noopener\"><img loading=\"lazy\" decoding=\"async\" width=\"1024\" height=\"633\" src=\"https:\/\/copernicus.lmi.is\/homepage\/wp-content\/uploads\/2024\/06\/DJI_0881-Enhanced-NR-1024x633.jpg\" alt=\"Image Credit: N\u00c1TT\" class=\"wp-image-64 size-full\" srcset=\"https:\/\/copernicus.gis.is\/homepage\/wp-content\/uploads\/2024\/06\/DJI_0881-Enhanced-NR-1024x633.jpg 1024w, https:\/\/copernicus.gis.is\/homepage\/wp-content\/uploads\/2024\/06\/DJI_0881-Enhanced-NR-300x185.jpg 300w, https:\/\/copernicus.gis.is\/homepage\/wp-content\/uploads\/2024\/06\/DJI_0881-Enhanced-NR-768x475.jpg 768w, https:\/\/copernicus.gis.is\/homepage\/wp-content\/uploads\/2024\/06\/DJI_0881-Enhanced-NR-1536x949.jpg 1536w, https:\/\/copernicus.gis.is\/homepage\/wp-content\/uploads\/2024\/06\/DJI_0881-Enhanced-NR-2048x1266.jpg 2048w\" sizes=\"auto, (max-width: 1024px) 100vw, 1024px\" \/><\/a><\/figure><div class=\"wp-block-media-text__content\">\n<p class=\"has-small-font-size\">Find out more how Copernicus is promoted through the FPCUP initiative. It is active in Iceland and around the globe to help users to start using Copernicus data and services.<\/p>\n\n\n\n<p class=\"has-small-font-size\"><a href=\"https:\/\/www.copernicus-user-uptake.net\/\" target=\"_blank\" rel=\"noreferrer noopener\">FPCUP official website<\/a><\/p>\n<\/div><\/div>\n\n\n\n<div class=\"wp-block-media-text is-stacked-on-mobile\"><figure class=\"wp-block-media-text__media\"><a href=\"https:\/\/www.copernicus.eu\/en\/opportunities\" target=\"_blank\" rel=\"noreferrer noopener\"><img loading=\"lazy\" decoding=\"async\" width=\"1024\" height=\"683\" src=\"https:\/\/copernicus.gis.is\/homepage\/wp-content\/uploads\/2024\/08\/SH4A3995-1024x683.jpg\" alt=\"Image Credit: N\u00c1TT\" class=\"wp-image-254 size-full\" srcset=\"https:\/\/copernicus.gis.is\/homepage\/wp-content\/uploads\/2024\/08\/SH4A3995-1024x683.jpg 1024w, https:\/\/copernicus.gis.is\/homepage\/wp-content\/uploads\/2024\/08\/SH4A3995-300x200.jpg 300w, https:\/\/copernicus.gis.is\/homepage\/wp-content\/uploads\/2024\/08\/SH4A3995-768x512.jpg 768w, https:\/\/copernicus.gis.is\/homepage\/wp-content\/uploads\/2024\/08\/SH4A3995-1536x1024.jpg 1536w, https:\/\/copernicus.gis.is\/homepage\/wp-content\/uploads\/2024\/08\/SH4A3995-2048x1366.jpg 2048w\" sizes=\"auto, (max-width: 1024px) 100vw, 1024px\" \/><\/a><\/figure><div class=\"wp-block-media-text__content\">\n<p class=\"has-small-font-size\">Many opportunities are available through Copernicus to learn, develop, get support and funding for your project and ideas. <\/p>\n\n\n\n<p class=\"has-small-font-size\"><a href=\"https:\/\/www.copernicus.eu\/en\/opportunities\" target=\"_blank\" rel=\"noreferrer noopener\">Grants and Opportunities from Copernicus<\/a><\/p>\n\n\n\n<p class=\"has-small-font-size\"><a href=\"https:\/\/www.euspa.europa.eu\/opportunities\" data-type=\"link\" data-id=\"https:\/\/www.euspa.europa.eu\/opportunities\" target=\"_blank\" rel=\"noreferrer noopener\">Grants and Opportunities from EUSPA<\/a><\/p>\n<\/div><\/div>\n\n\n\n<div class=\"wp-block-media-text is-stacked-on-mobile\"><figure class=\"wp-block-media-text__media\"><a href=\"https:\/\/www.cassini.eu\/\" target=\"_blank\" rel=\"noreferrer noopener\"><img loading=\"lazy\" decoding=\"async\" width=\"1024\" height=\"683\" src=\"https:\/\/copernicus.gis.is\/homepage\/wp-content\/uploads\/2024\/08\/SH4A1699-1024x683.jpg\" alt=\"Image Credit: N\u00c1TT\" class=\"wp-image-256 size-full\" srcset=\"https:\/\/copernicus.gis.is\/homepage\/wp-content\/uploads\/2024\/08\/SH4A1699-1024x683.jpg 1024w, https:\/\/copernicus.gis.is\/homepage\/wp-content\/uploads\/2024\/08\/SH4A1699-300x200.jpg 300w, https:\/\/copernicus.gis.is\/homepage\/wp-content\/uploads\/2024\/08\/SH4A1699-768x512.jpg 768w, https:\/\/copernicus.gis.is\/homepage\/wp-content\/uploads\/2024\/08\/SH4A1699-1536x1024.jpg 1536w, https:\/\/copernicus.gis.is\/homepage\/wp-content\/uploads\/2024\/08\/SH4A1699-2048x1366.jpg 2048w\" sizes=\"auto, (max-width: 1024px) 100vw, 1024px\" \/><\/a><\/figure><div class=\"wp-block-media-text__content\">\n<p class=\"has-small-font-size\">CASSINI is a European Union initiative that supports entrepreneurs, startups, and SMEs in the space industry during the period 2021-2027. It covers all areas of the EU space program and includes a \u20ac1 billion growth fund, hackathons, prizes, an accelerator, and networking opportunities.<\/p>\n\n\n\n<p class=\"has-small-font-size\"><a href=\"https:\/\/www.cassini.eu\/\" target=\"_blank\" rel=\"noreferrer noopener\">Cassini Space Enterpreneurship<\/a><\/p>\n<\/div><\/div>\n\n\n\n<div style=\"height:24px\" aria-hidden=\"true\" class=\"wp-block-spacer\"><\/div>\n\n\n\n<hr class=\"wp-block-separator has-alpha-channel-opacity is-style-wide\"\/>\n\n\n\n<h2 class=\"wp-block-heading\">News from Iceland<\/h2>\n\n\n\n<div style=\"height:15px\" aria-hidden=\"true\" class=\"wp-block-spacer\"><\/div>\n\n\n<ul class=\"wp-block-latest-posts__list wp-block-latest-posts has-medium-font-size\"><li><div class=\"wp-block-latest-posts__featured-image\"><img loading=\"lazy\" decoding=\"async\" width=\"1024\" height=\"682\" src=\"https:\/\/copernicus.gis.is\/homepage\/wp-content\/uploads\/2026\/02\/IMG_5181-1-1024x682.jpg\" class=\"attachment-large size-large wp-post-image\" alt=\"\" style=\"\" srcset=\"https:\/\/copernicus.gis.is\/homepage\/wp-content\/uploads\/2026\/02\/IMG_5181-1-1024x682.jpg 1024w, https:\/\/copernicus.gis.is\/homepage\/wp-content\/uploads\/2026\/02\/IMG_5181-1-300x200.jpg 300w, https:\/\/copernicus.gis.is\/homepage\/wp-content\/uploads\/2026\/02\/IMG_5181-1-768x512.jpg 768w, https:\/\/copernicus.gis.is\/homepage\/wp-content\/uploads\/2026\/02\/IMG_5181-1-1536x1023.jpg 1536w, https:\/\/copernicus.gis.is\/homepage\/wp-content\/uploads\/2026\/02\/IMG_5181-1.jpg 1806w\" sizes=\"auto, (max-width: 1024px) 100vw, 1024px\" \/><\/div><a class=\"wp-block-latest-posts__post-title\" href=\"https:\/\/copernicus.gis.is\/homepage\/index.php\/2026\/02\/20\/copernicus-marine-user-forum-iceland-held-at-the-iceland-ocean-cluster\/\">Copernicus Marine User Forum Iceland held at the Iceland Ocean Cluster<\/a><div class=\"wp-block-latest-posts__post-excerpt\">Fyrsta \u00fatg\u00e1fa Copernicus Marine User Forum Iceland f\u00f3r fram fimmtudaginn 19. febr\u00faar og marka\u00f0i t\u00edmam\u00f3t fyrir \u00edslenskt samf\u00e9lag notenda sj\u00e1varuppl\u00fdsinga. Vi\u00f0bur\u00f0urinn leiddi saman notendur fr\u00e1 \u00cdslandi me\u00f0 fj\u00f6lbreyttan bakgrunn og\u2026 <a class=\"wp-block-latest-posts__read-more\" href=\"https:\/\/copernicus.gis.is\/homepage\/index.php\/2026\/02\/20\/copernicus-marine-user-forum-iceland-held-at-the-iceland-ocean-cluster\/\" rel=\"noopener noreferrer\">Read more<span class=\"screen-reader-text\">: Copernicus Marine User Forum Iceland held at the Iceland Ocean Cluster<\/span><\/a><\/div><\/li>\n<li><div class=\"wp-block-latest-posts__featured-image\"><img loading=\"lazy\" decoding=\"async\" width=\"720\" height=\"960\" src=\"https:\/\/copernicus.gis.is\/homepage\/wp-content\/uploads\/2026\/01\/Agenda_CUFI_is.png\" class=\"attachment-large size-large wp-post-image\" alt=\"\" style=\"\" srcset=\"https:\/\/copernicus.gis.is\/homepage\/wp-content\/uploads\/2026\/01\/Agenda_CUFI_is.png 720w, https:\/\/copernicus.gis.is\/homepage\/wp-content\/uploads\/2026\/01\/Agenda_CUFI_is-225x300.png 225w\" sizes=\"auto, (max-width: 720px) 100vw, 720px\" \/><\/div><a class=\"wp-block-latest-posts__post-title\" href=\"https:\/\/copernicus.gis.is\/homepage\/index.php\/2026\/01\/21\/vidburdur-notendathing-hafthjonustu-copernicus-a-islandi\/\">Vi\u00f0bur\u00f0ur: Notenda\u00feing Haf\u00fej\u00f3nustu Copernicus \u00e1 \u00cdslandi<\/a><div class=\"wp-block-latest-posts__post-excerpt\">\u00deann 19. febr\u00faar kl. 12:15 hj\u00e1 islenska sj\u00e1varklanum ver\u00f0ur Notenda\u00feing Haf\u00fej\u00f3nustu Copernicus \u00e1 \u00cdslandi (Copernicus Marine User Forum Iceland) haldi\u00f0 og hefst \u00e1 standandi h\u00e1degisver\u00f0i. \u00dear kemur saman \u00edslenska sj\u00e1var-\u2026 <a class=\"wp-block-latest-posts__read-more\" href=\"https:\/\/copernicus.gis.is\/homepage\/index.php\/2026\/01\/21\/vidburdur-notendathing-hafthjonustu-copernicus-a-islandi\/\" rel=\"noopener noreferrer\">Read more<span class=\"screen-reader-text\">: Vi\u00f0bur\u00f0ur: Notenda\u00feing Haf\u00fej\u00f3nustu Copernicus \u00e1 \u00cdslandi<\/span><\/a><\/div><\/li>\n<li><div class=\"wp-block-latest-posts__featured-image\"><img loading=\"lazy\" decoding=\"async\" width=\"1024\" height=\"1024\" src=\"https:\/\/copernicus.gis.is\/homepage\/wp-content\/uploads\/2025\/12\/QRCode-for-CMEMS_EN-1024x1024.png\" class=\"attachment-large size-large wp-post-image\" alt=\"\" style=\"\" srcset=\"https:\/\/copernicus.gis.is\/homepage\/wp-content\/uploads\/2025\/12\/QRCode-for-CMEMS_EN-1024x1024.png 1024w, https:\/\/copernicus.gis.is\/homepage\/wp-content\/uploads\/2025\/12\/QRCode-for-CMEMS_EN-300x300.png 300w, https:\/\/copernicus.gis.is\/homepage\/wp-content\/uploads\/2025\/12\/QRCode-for-CMEMS_EN-150x150.png 150w, https:\/\/copernicus.gis.is\/homepage\/wp-content\/uploads\/2025\/12\/QRCode-for-CMEMS_EN-768x768.png 768w, https:\/\/copernicus.gis.is\/homepage\/wp-content\/uploads\/2025\/12\/QRCode-for-CMEMS_EN-1536x1536.png 1536w, https:\/\/copernicus.gis.is\/homepage\/wp-content\/uploads\/2025\/12\/QRCode-for-CMEMS_EN.png 1890w\" sizes=\"auto, (max-width: 1024px) 100vw, 1024px\" \/><\/div><a class=\"wp-block-latest-posts__post-title\" href=\"https:\/\/copernicus.gis.is\/homepage\/index.php\/2025\/12\/16\/copernicus-marine-survey\/\">Copernicus Marine Survey<\/a><div class=\"wp-block-latest-posts__post-excerpt\">Copernicus Marine k\u00f6nnun hefur veri\u00f0 sett af sta\u00f0 \u00e1 \u00cdslandi til a\u00f0 l\u00e6ra meira um notendur og notkunartilvik \u00e1 \u00cdslandi. Gef\u00f0u okkur t\u00e6kif\u00e6ri til a\u00f0 l\u00e6ra hvernig vi\u00f0 getum haldi\u00f0\u2026 <a class=\"wp-block-latest-posts__read-more\" href=\"https:\/\/copernicus.gis.is\/homepage\/index.php\/2025\/12\/16\/copernicus-marine-survey\/\" rel=\"noopener noreferrer\">Read more<span class=\"screen-reader-text\">: Copernicus Marine Survey<\/span><\/a><\/div><\/li>\n<li><a class=\"wp-block-latest-posts__post-title\" href=\"https:\/\/copernicus.gis.is\/homepage\/index.php\/2025\/11\/24\/call-for-abstracts-now-open-for-essas-2026-in-reykjavik\/\">Call for Abstracts Now Open for ESSAS 2026 in Reykjav\u00edk<\/a><div class=\"wp-block-latest-posts__post-excerpt\">The call for abstracts for the ESSAS 2026 Annual Science Meeting is scheduled to open in early December. Researchers, students, and professionals across the natural and social sciences will be\u2026 <a class=\"wp-block-latest-posts__read-more\" href=\"https:\/\/copernicus.gis.is\/homepage\/index.php\/2025\/11\/24\/call-for-abstracts-now-open-for-essas-2026-in-reykjavik\/\" rel=\"noopener noreferrer\">Read more<span class=\"screen-reader-text\">: Call for Abstracts Now Open for ESSAS 2026 in Reykjav\u00edk<\/span><\/a><\/div><\/li>\n<li><div class=\"wp-block-latest-posts__featured-image\"><img loading=\"lazy\" decoding=\"async\" width=\"1024\" height=\"576\" src=\"https:\/\/copernicus.gis.is\/homepage\/wp-content\/uploads\/2025\/08\/image-1024x576.png\" class=\"attachment-large size-large wp-post-image\" alt=\"\" style=\"\" srcset=\"https:\/\/copernicus.gis.is\/homepage\/wp-content\/uploads\/2025\/08\/image-1024x576.png 1024w, https:\/\/copernicus.gis.is\/homepage\/wp-content\/uploads\/2025\/08\/image-300x169.png 300w, https:\/\/copernicus.gis.is\/homepage\/wp-content\/uploads\/2025\/08\/image-768x432.png 768w, https:\/\/copernicus.gis.is\/homepage\/wp-content\/uploads\/2025\/08\/image-1536x864.png 1536w, https:\/\/copernicus.gis.is\/homepage\/wp-content\/uploads\/2025\/08\/image.png 1600w\" sizes=\"auto, (max-width: 1024px) 100vw, 1024px\" \/><\/div><a class=\"wp-block-latest-posts__post-title\" href=\"https:\/\/copernicus.gis.is\/homepage\/index.php\/2025\/08\/14\/copernicus-hub-essentials\/\">Copernicus Hub Essentials<\/a><div class=\"wp-block-latest-posts__post-excerpt\">\ud83c\udf0a Copernicus Hubs Essentials \u2013 \u00d3keypis netn\u00e1mskei\u00f0 Taktu \u00fe\u00e1tt \u00ed Copernicus Marine Service \u00e1 \u00f3keypis, tveggja hluta vefn\u00e1mskei\u00f0i fyrir alla sem hafa \u00e1huga \u00e1 gervihnattag\u00f6gnum. L\u00e6r\u00f0u a\u00f0 sko\u00f0a, n\u00e1lgast og\u2026 <a class=\"wp-block-latest-posts__read-more\" href=\"https:\/\/copernicus.gis.is\/homepage\/index.php\/2025\/08\/14\/copernicus-hub-essentials\/\" rel=\"noopener noreferrer\">Read more<span class=\"screen-reader-text\">: Copernicus Hub Essentials<\/span><\/a><\/div><\/li>\n<\/ul>\n\n\n<div style=\"height:24px\" aria-hidden=\"true\" class=\"wp-block-spacer\"><\/div>\n\n\n\n<hr class=\"wp-block-separator has-alpha-channel-opacity is-style-wide\"\/>\n\n\n\n<h2 class=\"wp-block-heading\">News &#8211; Copernicus &amp; ESA<\/h2>\n\n\n\n<div style=\"height:15px\" aria-hidden=\"true\" class=\"wp-block-spacer\"><\/div>\n\n\n<ul class=\"wp-block-latest-posts__list wp-block-latest-posts has-medium-font-size\"><li><div class=\"wp-block-latest-posts__featured-image\"><a href=\"https:\/\/copernicus.gis.is\/homepage\/index.php\/2026\/04\/24\/copernicus-thematic-services-overview-and-data-access-in-spanish\/\" aria-label=\"Copernicus Thematic Services: Overview and Data Access (in Spanish)\"><img loading=\"lazy\" decoding=\"async\" width=\"1024\" height=\"576\" src=\"https:\/\/copernicus.gis.is\/homepage\/wp-content\/uploads\/2026\/04\/EN20-20Image20Valdivia2C20Chile-thvESR-1024x576.png\" class=\"attachment-large size-large wp-post-image\" alt=\"\" style=\"\" srcset=\"https:\/\/copernicus.gis.is\/homepage\/wp-content\/uploads\/2026\/04\/EN20-20Image20Valdivia2C20Chile-thvESR-1024x576.png 1024w, https:\/\/copernicus.gis.is\/homepage\/wp-content\/uploads\/2026\/04\/EN20-20Image20Valdivia2C20Chile-thvESR-300x169.png 300w, https:\/\/copernicus.gis.is\/homepage\/wp-content\/uploads\/2026\/04\/EN20-20Image20Valdivia2C20Chile-thvESR-768x432.png 768w, https:\/\/copernicus.gis.is\/homepage\/wp-content\/uploads\/2026\/04\/EN20-20Image20Valdivia2C20Chile-thvESR-1536x864.png 1536w, https:\/\/copernicus.gis.is\/homepage\/wp-content\/uploads\/2026\/04\/EN20-20Image20Valdivia2C20Chile-thvESR.png 1600w\" sizes=\"auto, (max-width: 1024px) 100vw, 1024px\" \/><\/a><\/div><a class=\"wp-block-latest-posts__post-title\" href=\"https:\/\/copernicus.gis.is\/homepage\/index.php\/2026\/04\/24\/copernicus-thematic-services-overview-and-data-access-in-spanish\/\">Copernicus Thematic Services: Overview and Data Access (in Spanish)<\/a><\/li>\n<li><div class=\"wp-block-latest-posts__featured-image\"><a href=\"https:\/\/copernicus.gis.is\/homepage\/index.php\/2026\/04\/24\/braving-the-arctic-for-upcoming-polar-focused-satellites\/\" aria-label=\"Braving the Arctic for upcoming polar-focused satellites\"><img loading=\"lazy\" decoding=\"async\" width=\"848\" height=\"500\" src=\"https:\/\/copernicus.gis.is\/homepage\/wp-content\/uploads\/2026\/04\/Not_your_normal_commute_card_full-flheMw.jpg\" class=\"attachment-large size-large wp-post-image\" alt=\"\" style=\"\" srcset=\"https:\/\/copernicus.gis.is\/homepage\/wp-content\/uploads\/2026\/04\/Not_your_normal_commute_card_full-flheMw.jpg 848w, https:\/\/copernicus.gis.is\/homepage\/wp-content\/uploads\/2026\/04\/Not_your_normal_commute_card_full-flheMw-300x177.jpg 300w, https:\/\/copernicus.gis.is\/homepage\/wp-content\/uploads\/2026\/04\/Not_your_normal_commute_card_full-flheMw-768x453.jpg 768w\" sizes=\"auto, (max-width: 848px) 100vw, 848px\" \/><\/a><\/div><a class=\"wp-block-latest-posts__post-title\" href=\"https:\/\/copernicus.gis.is\/homepage\/index.php\/2026\/04\/24\/braving-the-arctic-for-upcoming-polar-focused-satellites\/\">Braving the Arctic for upcoming polar-focused satellites<\/a><\/li>\n<li><div class=\"wp-block-latest-posts__featured-image\"><a href=\"https:\/\/copernicus.gis.is\/homepage\/index.php\/2026\/04\/24\/earth-from-space-cloud-patterns-over-the-canary-islands\/\" aria-label=\"Earth from Space: Cloud patterns over the Canary Islands\"><img loading=\"lazy\" decoding=\"async\" width=\"727\" height=\"500\" src=\"https:\/\/copernicus.gis.is\/homepage\/wp-content\/uploads\/2026\/04\/Earth_from_Space_Cloud_patterns_over_the_Canary_Islands_card_full-Ribd1A.jpg\" class=\"attachment-large size-large wp-post-image\" alt=\"\" style=\"\" srcset=\"https:\/\/copernicus.gis.is\/homepage\/wp-content\/uploads\/2026\/04\/Earth_from_Space_Cloud_patterns_over_the_Canary_Islands_card_full-Ribd1A.jpg 727w, https:\/\/copernicus.gis.is\/homepage\/wp-content\/uploads\/2026\/04\/Earth_from_Space_Cloud_patterns_over_the_Canary_Islands_card_full-Ribd1A-300x206.jpg 300w\" sizes=\"auto, (max-width: 727px) 100vw, 727px\" \/><\/a><\/div><a class=\"wp-block-latest-posts__post-title\" href=\"https:\/\/copernicus.gis.is\/homepage\/index.php\/2026\/04\/24\/earth-from-space-cloud-patterns-over-the-canary-islands\/\">Earth from Space: Cloud patterns over the Canary Islands<\/a><\/li>\n<li><div class=\"wp-block-latest-posts__featured-image\"><a href=\"https:\/\/copernicus.gis.is\/homepage\/index.php\/2026\/04\/23\/why-is-antarcticas-mass-increasing\/\" aria-label=\"Why is Antarctica\u2019s mass increasing?\"><img loading=\"lazy\" decoding=\"async\" width=\"750\" height=\"500\" src=\"https:\/\/copernicus.gis.is\/homepage\/wp-content\/uploads\/2026\/04\/Antarctica_s_snow_gains_and_ice_loss_card_full-8eW0e8.jpg\" class=\"attachment-large size-large wp-post-image\" alt=\"\" style=\"\" srcset=\"https:\/\/copernicus.gis.is\/homepage\/wp-content\/uploads\/2026\/04\/Antarctica_s_snow_gains_and_ice_loss_card_full-8eW0e8.jpg 750w, https:\/\/copernicus.gis.is\/homepage\/wp-content\/uploads\/2026\/04\/Antarctica_s_snow_gains_and_ice_loss_card_full-8eW0e8-300x200.jpg 300w\" sizes=\"auto, (max-width: 750px) 100vw, 750px\" \/><\/a><\/div><a class=\"wp-block-latest-posts__post-title\" href=\"https:\/\/copernicus.gis.is\/homepage\/index.php\/2026\/04\/23\/why-is-antarcticas-mass-increasing\/\">Why is Antarctica\u2019s mass increasing?<\/a><\/li>\n<li><div class=\"wp-block-latest-posts__featured-image\"><a href=\"https:\/\/copernicus.gis.is\/homepage\/index.php\/2026\/04\/23\/2026-clms-general-assembly-and-user-events\/\" aria-label=\"2026 CLMS General Assembly and user events\"><img loading=\"lazy\" decoding=\"async\" width=\"1024\" height=\"576\" src=\"https:\/\/copernicus.gis.is\/homepage\/wp-content\/uploads\/2026\/04\/CLMS20GA20202620-20Registration20open_0-jzoHm2-1024x576.png\" class=\"attachment-large size-large wp-post-image\" alt=\"\" style=\"\" srcset=\"https:\/\/copernicus.gis.is\/homepage\/wp-content\/uploads\/2026\/04\/CLMS20GA20202620-20Registration20open_0-jzoHm2-1024x576.png 1024w, https:\/\/copernicus.gis.is\/homepage\/wp-content\/uploads\/2026\/04\/CLMS20GA20202620-20Registration20open_0-jzoHm2-300x169.png 300w, https:\/\/copernicus.gis.is\/homepage\/wp-content\/uploads\/2026\/04\/CLMS20GA20202620-20Registration20open_0-jzoHm2-768x432.png 768w, https:\/\/copernicus.gis.is\/homepage\/wp-content\/uploads\/2026\/04\/CLMS20GA20202620-20Registration20open_0-jzoHm2-1536x864.png 1536w, https:\/\/copernicus.gis.is\/homepage\/wp-content\/uploads\/2026\/04\/CLMS20GA20202620-20Registration20open_0-jzoHm2.png 1600w\" sizes=\"auto, (max-width: 1024px) 100vw, 1024px\" \/><\/a><\/div><a class=\"wp-block-latest-posts__post-title\" href=\"https:\/\/copernicus.gis.is\/homepage\/index.php\/2026\/04\/23\/2026-clms-general-assembly-and-user-events\/\">2026 CLMS General Assembly and user events<\/a><\/li>\n<li><div class=\"wp-block-latest-posts__featured-image\"><a href=\"https:\/\/copernicus.gis.is\/homepage\/index.php\/2026\/04\/23\/esa-academy-case-studies-programme\/\" aria-label=\"ESA Academy Case Studies Programme\"><img loading=\"lazy\" decoding=\"async\" width=\"750\" height=\"500\" src=\"https:\/\/copernicus.gis.is\/homepage\/wp-content\/uploads\/2026\/04\/Student_team_working_on_their_challenge_during_the_11th_CASSINI_hackathon_at_the_European_Space_Safety_and_Education_Centre_ESEC_in_November_2024_card_full-PYd3dQ.jpg\" class=\"attachment-large size-large wp-post-image\" alt=\"\" style=\"\" srcset=\"https:\/\/copernicus.gis.is\/homepage\/wp-content\/uploads\/2026\/04\/Student_team_working_on_their_challenge_during_the_11th_CASSINI_hackathon_at_the_European_Space_Safety_and_Education_Centre_ESEC_in_November_2024_card_full-PYd3dQ.jpg 750w, https:\/\/copernicus.gis.is\/homepage\/wp-content\/uploads\/2026\/04\/Student_team_working_on_their_challenge_during_the_11th_CASSINI_hackathon_at_the_European_Space_Safety_and_Education_Centre_ESEC_in_November_2024_card_full-PYd3dQ-300x200.jpg 300w\" sizes=\"auto, (max-width: 750px) 100vw, 750px\" \/><\/a><\/div><a class=\"wp-block-latest-posts__post-title\" href=\"https:\/\/copernicus.gis.is\/homepage\/index.php\/2026\/04\/23\/esa-academy-case-studies-programme\/\">ESA Academy Case Studies Programme<\/a><\/li>\n<li><div class=\"wp-block-latest-posts__featured-image\"><a href=\"https:\/\/copernicus.gis.is\/homepage\/index.php\/2026\/04\/22\/a-stellar-milestone-astro-pi-programs-on-their-way-to-the-iss\/\" aria-label=\"A stellar milestone: Astro Pi programs on their way to the ISS\"><img loading=\"lazy\" decoding=\"async\" width=\"750\" height=\"500\" src=\"https:\/\/copernicus.gis.is\/homepage\/wp-content\/uploads\/2026\/04\/Girls_coding_Mission_Space_Lab_card_full-f1sdUE.jpg\" class=\"attachment-large size-large wp-post-image\" alt=\"\" style=\"\" srcset=\"https:\/\/copernicus.gis.is\/homepage\/wp-content\/uploads\/2026\/04\/Girls_coding_Mission_Space_Lab_card_full-f1sdUE.jpg 750w, https:\/\/copernicus.gis.is\/homepage\/wp-content\/uploads\/2026\/04\/Girls_coding_Mission_Space_Lab_card_full-f1sdUE-300x200.jpg 300w\" sizes=\"auto, (max-width: 750px) 100vw, 750px\" \/><\/a><\/div><a class=\"wp-block-latest-posts__post-title\" href=\"https:\/\/copernicus.gis.is\/homepage\/index.php\/2026\/04\/22\/a-stellar-milestone-astro-pi-programs-on-their-way-to-the-iss\/\">A stellar milestone: Astro Pi programs on their way to the ISS<\/a><\/li>\n<li><div class=\"wp-block-latest-posts__featured-image\"><a href=\"https:\/\/copernicus.gis.is\/homepage\/index.php\/2026\/04\/22\/turning-data-from-space-into-action-for-earth\/\" aria-label=\"Turning data from space into action for Earth\"><img loading=\"lazy\" decoding=\"async\" width=\"750\" height=\"500\" src=\"https:\/\/copernicus.gis.is\/homepage\/wp-content\/uploads\/2026\/04\/Desert_locust_card_full-NxocYR.jpg\" class=\"attachment-large size-large wp-post-image\" alt=\"\" style=\"\" srcset=\"https:\/\/copernicus.gis.is\/homepage\/wp-content\/uploads\/2026\/04\/Desert_locust_card_full-NxocYR.jpg 750w, https:\/\/copernicus.gis.is\/homepage\/wp-content\/uploads\/2026\/04\/Desert_locust_card_full-NxocYR-300x200.jpg 300w\" sizes=\"auto, (max-width: 750px) 100vw, 750px\" \/><\/a><\/div><a class=\"wp-block-latest-posts__post-title\" href=\"https:\/\/copernicus.gis.is\/homepage\/index.php\/2026\/04\/22\/turning-data-from-space-into-action-for-earth\/\">Turning data from space into action for Earth<\/a><\/li>\n<li><div class=\"wp-block-latest-posts__featured-image\"><a href=\"https:\/\/copernicus.gis.is\/homepage\/index.php\/2026\/04\/17\/earth-from-space-land-of-rainforests\/\" aria-label=\"Earth from Space: Land of rainforests\"><img loading=\"lazy\" decoding=\"async\" width=\"300\" height=\"507\" src=\"https:\/\/copernicus.gis.is\/homepage\/wp-content\/uploads\/2026\/04\/Earth_from_Space_Land_of_rainforests_card_full-ZDTX07.jpg\" class=\"attachment-large size-large wp-post-image\" alt=\"\" style=\"\" srcset=\"https:\/\/copernicus.gis.is\/homepage\/wp-content\/uploads\/2026\/04\/Earth_from_Space_Land_of_rainforests_card_full-ZDTX07.jpg 300w, https:\/\/copernicus.gis.is\/homepage\/wp-content\/uploads\/2026\/04\/Earth_from_Space_Land_of_rainforests_card_full-ZDTX07-178x300.jpg 178w\" sizes=\"auto, (max-width: 300px) 100vw, 300px\" \/><\/a><\/div><a class=\"wp-block-latest-posts__post-title\" href=\"https:\/\/copernicus.gis.is\/homepage\/index.php\/2026\/04\/17\/earth-from-space-land-of-rainforests\/\">Earth from Space: Land of rainforests<\/a><\/li>\n<li><div class=\"wp-block-latest-posts__featured-image\"><a href=\"https:\/\/copernicus.gis.is\/homepage\/index.php\/2026\/04\/16\/three-esa-built-satellites-on-show-in-france\/\" aria-label=\"Three ESA-built satellites on show in France\"><img loading=\"lazy\" decoding=\"async\" width=\"1024\" height=\"265\" src=\"https:\/\/copernicus.gis.is\/homepage\/wp-content\/uploads\/2026\/04\/MTG-I2_FLEX_and_Sentinel-3C_on_show_at_TAS_cleanrooms_card_full-VzuWTj-1024x265.jpg\" class=\"attachment-large size-large wp-post-image\" alt=\"\" style=\"\" srcset=\"https:\/\/copernicus.gis.is\/homepage\/wp-content\/uploads\/2026\/04\/MTG-I2_FLEX_and_Sentinel-3C_on_show_at_TAS_cleanrooms_card_full-VzuWTj-1024x265.jpg 1024w, https:\/\/copernicus.gis.is\/homepage\/wp-content\/uploads\/2026\/04\/MTG-I2_FLEX_and_Sentinel-3C_on_show_at_TAS_cleanrooms_card_full-VzuWTj-300x78.jpg 300w, https:\/\/copernicus.gis.is\/homepage\/wp-content\/uploads\/2026\/04\/MTG-I2_FLEX_and_Sentinel-3C_on_show_at_TAS_cleanrooms_card_full-VzuWTj-768x199.jpg 768w, https:\/\/copernicus.gis.is\/homepage\/wp-content\/uploads\/2026\/04\/MTG-I2_FLEX_and_Sentinel-3C_on_show_at_TAS_cleanrooms_card_full-VzuWTj-1536x398.jpg 1536w, https:\/\/copernicus.gis.is\/homepage\/wp-content\/uploads\/2026\/04\/MTG-I2_FLEX_and_Sentinel-3C_on_show_at_TAS_cleanrooms_card_full-VzuWTj.jpg 1931w\" sizes=\"auto, (max-width: 1024px) 100vw, 1024px\" \/><\/a><\/div><a class=\"wp-block-latest-posts__post-title\" href=\"https:\/\/copernicus.gis.is\/homepage\/index.php\/2026\/04\/16\/three-esa-built-satellites-on-show-in-france\/\">Three ESA-built satellites on show in France<\/a><\/li>\n<\/ul>","protected":false},"excerpt":{"rendered":"<p>What is the Copernicus Programme? The Copernicus program, initiated by the European Union, provides accurate and timely data on Earth\u2019s environment. Utilizing a network of satellites and ground-based systems, it monitors climate change, land, sea, and air conditions, supporting sustainable development and enhancing public safety across Europe and globally More about Copernicus Copernicus Official Website [&hellip;]<\/p>\n","protected":false},"author":2,"featured_media":620,"parent":0,"menu_order":0,"comment_status":"closed","ping_status":"closed","template":"page-no-separators","meta":{"footnotes":""},"class_list":["post-375","page","type-page","status-publish","has-post-thumbnail","hentry"],"_links":{"self":[{"href":"https:\/\/copernicus.gis.is\/homepage\/index.php\/wp-json\/wp\/v2\/pages\/375","targetHints":{"allow":["GET"]}}],"collection":[{"href":"https:\/\/copernicus.gis.is\/homepage\/index.php\/wp-json\/wp\/v2\/pages"}],"about":[{"href":"https:\/\/copernicus.gis.is\/homepage\/index.php\/wp-json\/wp\/v2\/types\/page"}],"author":[{"embeddable":true,"href":"https:\/\/copernicus.gis.is\/homepage\/index.php\/wp-json\/wp\/v2\/users\/2"}],"replies":[{"embeddable":true,"href":"https:\/\/copernicus.gis.is\/homepage\/index.php\/wp-json\/wp\/v2\/comments?post=375"}],"version-history":[{"count":16,"href":"https:\/\/copernicus.gis.is\/homepage\/index.php\/wp-json\/wp\/v2\/pages\/375\/revisions"}],"predecessor-version":[{"id":2070,"href":"https:\/\/copernicus.gis.is\/homepage\/index.php\/wp-json\/wp\/v2\/pages\/375\/revisions\/2070"}],"wp:featuredmedia":[{"embeddable":true,"href":"https:\/\/copernicus.gis.is\/homepage\/index.php\/wp-json\/wp\/v2\/media\/620"}],"wp:attachment":[{"href":"https:\/\/copernicus.gis.is\/homepage\/index.php\/wp-json\/wp\/v2\/media?parent=375"}],"curies":[{"name":"wp","href":"https:\/\/api.w.org\/{rel}","templated":true}]}}