{"id":482,"date":"2024-09-03T13:09:10","date_gmt":"2024-09-03T13:09:10","guid":{"rendered":"https:\/\/copernicus.gis.is\/homepage\/?page_id=482"},"modified":"2025-08-07T12:31:53","modified_gmt":"2025-08-07T12:31:53","slug":"sentinel-gervihnettir","status":"publish","type":"page","link":"https:\/\/copernicus.gis.is\/homepage\/index.php\/home\/sentinel-gervihnettir\/","title":{"rendered":"Sentinel gervitungl"},"content":{"rendered":"\n<p>Sentinel gervitunglin eru h\u00f6nnu\u00f0 til athugana \u00e1 \u00fdmsum \u00fe\u00e1ttum jar\u00f0athugana og eru lykil\u00fe\u00e1ttur \u00ed Copernicus \u00e1\u00e6tlun Evr\u00f3pusambandsins. Gervitunglin sj\u00e1 notendum fyrir samfelldum h\u00e1upplausnarg\u00f6gnum um land, h\u00f6f og andr\u00famsloft. Sentinel gervitunglin hafa mismunandi verkefni og fylgjast \u00feannig me\u00f0 loftslagsbreytingum, n\u00e1tt\u00faruhamf\u00f6rum, sk\u00f3garh\u00f6ggi og mengun og sty\u00f0ja \u00feannig vi\u00f0 umhverfisvernd og vi\u00f0br\u00f6g\u00f0 vi\u00f0 hamf\u00f6rum \u00e1 heimsv\u00edsu.&nbsp;<\/p>\n\n\n\n<div style=\"height:30px\" aria-hidden=\"true\" class=\"wp-block-spacer\"><\/div>\n\n\n\n<div class=\"wp-block-media-text is-stacked-on-mobile\"><figure class=\"wp-block-media-text__media\"><img loading=\"lazy\" decoding=\"async\" width=\"1024\" height=\"574\" src=\"https:\/\/copernicus.gis.is\/homepage\/wp-content\/uploads\/2024\/09\/Sentinel-1_radar_vision_pillars-1024x574.jpg\" alt=\"\" class=\"wp-image-403 size-full\" srcset=\"https:\/\/copernicus.gis.is\/homepage\/wp-content\/uploads\/2024\/09\/Sentinel-1_radar_vision_pillars-1024x574.jpg 1024w, https:\/\/copernicus.gis.is\/homepage\/wp-content\/uploads\/2024\/09\/Sentinel-1_radar_vision_pillars-300x168.jpg 300w, https:\/\/copernicus.gis.is\/homepage\/wp-content\/uploads\/2024\/09\/Sentinel-1_radar_vision_pillars-768x431.jpg 768w, https:\/\/copernicus.gis.is\/homepage\/wp-content\/uploads\/2024\/09\/Sentinel-1_radar_vision_pillars-1536x861.jpg 1536w, https:\/\/copernicus.gis.is\/homepage\/wp-content\/uploads\/2024\/09\/Sentinel-1_radar_vision_pillars.jpg 1926w\" sizes=\"auto, (max-width: 1024px) 100vw, 1024px\" \/><\/figure><div class=\"wp-block-media-text__content\">\n<h2 class=\"wp-block-heading\">Sentinel 1<\/h2>\n<\/div><\/div>\n\n\n\n<p><strong>L\u00fdsing:<\/strong> Sentinel 1 eru tv\u00f6 gervitungl sem taka myndir allan s\u00f3larhringinn og nota ratsj\u00e1. \u00deau sj\u00e1 notendum fyrir ve\u00f0ur\u00feolnum myndum af yfirbor\u00f0i jar\u00f0ar.&nbsp;<\/p>\n\n\n\n<p><strong>Notkun:<\/strong> G\u00f6gnin eru notu\u00f0 til a\u00f0 fylgjast me\u00f0 haf\u00eds, ol\u00edulekum og landhreyfingum auk vi\u00f0brag\u00f0a vi\u00f0 hamf\u00f6rum.&nbsp;<\/p>\n\n\n\n<p><strong>Sta\u00f0a:<\/strong> Skoti\u00f0 \u00e1 loft [A] \u00ed apr\u00edl 2014 og [B] \u00ed apr\u00edl 2016.&nbsp;<\/p>\n\n\n\n<div style=\"height:30px\" aria-hidden=\"true\" class=\"wp-block-spacer\"><\/div>\n\n\n\n<div class=\"wp-block-media-text is-stacked-on-mobile\"><figure class=\"wp-block-media-text__media\"><img loading=\"lazy\" decoding=\"async\" width=\"1024\" height=\"768\" src=\"https:\/\/copernicus.gis.is\/homepage\/wp-content\/uploads\/2024\/09\/Sentinel-2_pillars-1024x768.jpg\" alt=\"\" class=\"wp-image-405 size-full\" srcset=\"https:\/\/copernicus.gis.is\/homepage\/wp-content\/uploads\/2024\/09\/Sentinel-2_pillars-1024x768.jpg 1024w, https:\/\/copernicus.gis.is\/homepage\/wp-content\/uploads\/2024\/09\/Sentinel-2_pillars-300x225.jpg 300w, https:\/\/copernicus.gis.is\/homepage\/wp-content\/uploads\/2024\/09\/Sentinel-2_pillars-768x576.jpg 768w, https:\/\/copernicus.gis.is\/homepage\/wp-content\/uploads\/2024\/09\/Sentinel-2_pillars-1536x1152.jpg 1536w, https:\/\/copernicus.gis.is\/homepage\/wp-content\/uploads\/2024\/09\/Sentinel-2_pillars.jpg 1920w\" sizes=\"auto, (max-width: 1024px) 100vw, 1024px\" \/><\/figure><div class=\"wp-block-media-text__content\">\n<h2 class=\"wp-block-heading\">Sentinel 2<\/h2>\n<\/div><\/div>\n\n\n\n<p><strong>L\u00fdsing:<\/strong> Sentinel 2 eru tv\u00f6 gervitungl sem taka h\u00e1upplausnarmyndir&nbsp; \u00ed 13 litr\u00f3fsb\u00f6ndum.&nbsp;<\/p>\n\n\n\n<p><strong>Notkun:<\/strong> G\u00f6gnin eru notu\u00f0 til landv\u00f6ktunar \u00e1 landb\u00fana\u00f0i og sk\u00f3gr\u00e6kt, vi\u00f0 hamfarastj\u00f3rnun og vi\u00f0 greiningar \u00e1 vatnasv\u00e6\u00f0um.&nbsp;<\/p>\n\n\n\n<p><strong>Sta\u00f0a:<\/strong> Skoti\u00f0 \u00e1 loft [A] \u00ed j\u00fan\u00ed 2015, [B] \u00ed mars 2017 og [C] \u00ed september 2024.&nbsp;<\/p>\n\n\n\n<div style=\"height:30px\" aria-hidden=\"true\" class=\"wp-block-spacer\"><\/div>\n\n\n\n<div class=\"wp-block-media-text is-stacked-on-mobile\"><figure class=\"wp-block-media-text__media\"><img loading=\"lazy\" decoding=\"async\" width=\"1024\" height=\"576\" src=\"https:\/\/copernicus.gis.is\/homepage\/wp-content\/uploads\/2024\/09\/Copernicus_Sentinel-3_pillars-1024x576.jpg\" alt=\"\" class=\"wp-image-406 size-full\" srcset=\"https:\/\/copernicus.gis.is\/homepage\/wp-content\/uploads\/2024\/09\/Copernicus_Sentinel-3_pillars-1024x576.jpg 1024w, https:\/\/copernicus.gis.is\/homepage\/wp-content\/uploads\/2024\/09\/Copernicus_Sentinel-3_pillars-300x169.jpg 300w, https:\/\/copernicus.gis.is\/homepage\/wp-content\/uploads\/2024\/09\/Copernicus_Sentinel-3_pillars-768x432.jpg 768w, https:\/\/copernicus.gis.is\/homepage\/wp-content\/uploads\/2024\/09\/Copernicus_Sentinel-3_pillars-1536x864.jpg 1536w, https:\/\/copernicus.gis.is\/homepage\/wp-content\/uploads\/2024\/09\/Copernicus_Sentinel-3_pillars.jpg 1920w\" sizes=\"auto, (max-width: 1024px) 100vw, 1024px\" \/><\/figure><div class=\"wp-block-media-text__content\">\n<h2 class=\"wp-block-heading\">Sentinel 3<\/h2>\n<\/div><\/div>\n\n\n\n<p><strong>L\u00fdsing:<\/strong> Sentinel 3 eru \u00ferj\u00fa gervitungl sem eru h\u00f6nnu\u00f0 til a\u00f0 m\u00e6la yfirbor\u00f0sh\u00e6\u00f0 sj\u00e1var, hitastig sj\u00e1var og lands og lit hafs og lands.&nbsp;<\/p>\n\n\n\n<p><strong>Notkun:<\/strong> G\u00f6gnin eru notu\u00f0 til hafranns\u00f3kna, loftslagsv\u00f6ktunar og umhverfisverndar.&nbsp;<\/p>\n\n\n\n<p><strong>Sta\u00f0a:<\/strong> Skoti\u00f0 \u00e1 loft [A] \u00ed febr\u00faar 2016 og [B] \u00ed apr\u00edl 2018.&nbsp;<\/p>\n\n\n\n<div style=\"height:30px\" aria-hidden=\"true\" class=\"wp-block-spacer\"><\/div>\n\n\n\n<div class=\"wp-block-media-text is-stacked-on-mobile\"><figure class=\"wp-block-media-text__media\"><img loading=\"lazy\" decoding=\"async\" width=\"1024\" height=\"769\" src=\"https:\/\/copernicus.gis.is\/homepage\/wp-content\/uploads\/2024\/09\/Sentinel-4_pillars-1024x769.jpg\" alt=\"\" class=\"wp-image-407 size-full\" srcset=\"https:\/\/copernicus.gis.is\/homepage\/wp-content\/uploads\/2024\/09\/Sentinel-4_pillars-1024x769.jpg 1024w, https:\/\/copernicus.gis.is\/homepage\/wp-content\/uploads\/2024\/09\/Sentinel-4_pillars-300x225.jpg 300w, https:\/\/copernicus.gis.is\/homepage\/wp-content\/uploads\/2024\/09\/Sentinel-4_pillars-768x576.jpg 768w, https:\/\/copernicus.gis.is\/homepage\/wp-content\/uploads\/2024\/09\/Sentinel-4_pillars-1536x1153.jpg 1536w, https:\/\/copernicus.gis.is\/homepage\/wp-content\/uploads\/2024\/09\/Sentinel-4_pillars.jpg 1920w\" sizes=\"auto, (max-width: 1024px) 100vw, 1024px\" \/><\/figure><div class=\"wp-block-media-text__content\">\n<h2 class=\"wp-block-heading\">Sentinel 4<\/h2>\n<\/div><\/div>\n\n\n\n<p><strong>L\u00fdsing:<\/strong> Sentinel 4 er far sem flutt er me\u00f0 gervitungli \u00e1 jar\u00f0st\u00f6\u00f0ubraut til a\u00f0 fylgjast me\u00f0 samsetningu andr\u00famsloftsins, me\u00f0 s\u00e9rstaka \u00e1herslu \u00e1 loftg\u00e6\u00f0i og \u00f3son.&nbsp;<\/p>\n\n\n\n<p><strong>Notkun:<\/strong> G\u00f6gnin eru notu\u00f0 vi\u00f0 loftg\u00e6\u00f0am\u00e6lingar og ve\u00f0ursp\u00e1r.&nbsp;<\/p>\n\n\n\n<p><strong>Sta\u00f0a:<\/strong> \u00c1\u00e6tla\u00f0 er a\u00f0 skj\u00f3ta farinu \u00e1 loft 2024-2025 og \u00fea\u00f0 ver\u00f0i flutt me\u00f0 MTG-S gervitunglinu.&nbsp;<\/p>\n\n\n\n<div style=\"height:30px\" aria-hidden=\"true\" class=\"wp-block-spacer\"><\/div>\n\n\n\n<div class=\"wp-block-media-text is-stacked-on-mobile\"><figure class=\"wp-block-media-text__media\"><img loading=\"lazy\" decoding=\"async\" width=\"1024\" height=\"724\" src=\"https:\/\/copernicus.gis.is\/homepage\/wp-content\/uploads\/2024\/09\/Sentinel-5P_pillars-1024x724.jpg\" alt=\"\" class=\"wp-image-408 size-full\" srcset=\"https:\/\/copernicus.gis.is\/homepage\/wp-content\/uploads\/2024\/09\/Sentinel-5P_pillars-1024x724.jpg 1024w, https:\/\/copernicus.gis.is\/homepage\/wp-content\/uploads\/2024\/09\/Sentinel-5P_pillars-300x212.jpg 300w, https:\/\/copernicus.gis.is\/homepage\/wp-content\/uploads\/2024\/09\/Sentinel-5P_pillars-768x543.jpg 768w, https:\/\/copernicus.gis.is\/homepage\/wp-content\/uploads\/2024\/09\/Sentinel-5P_pillars-1536x1086.jpg 1536w, https:\/\/copernicus.gis.is\/homepage\/wp-content\/uploads\/2024\/09\/Sentinel-5P_pillars.jpg 1920w\" sizes=\"auto, (max-width: 1024px) 100vw, 1024px\" \/><\/figure><div class=\"wp-block-media-text__content\">\n<h2 class=\"wp-block-heading\">Sentinel 5<\/h2>\n<\/div><\/div>\n\n\n\n<p><strong>L\u00fdsing:<\/strong> Sentinel 5 fylgist me\u00f0 lofttegundum, svifryki og \u00f6\u00f0rum \u00fe\u00e1ttum sem hafa \u00e1hrif \u00e1 loftg\u00e6\u00f0i og loftslag.&nbsp;<\/p>\n\n\n\n<p><strong>Notkun:<\/strong> G\u00f6gnin eru notu\u00f0 til loftg\u00e6\u00f0am\u00e6linga, ranns\u00f3kna \u00e1 loftslagsbreytingum og efnafr\u00e6\u00f0i andr\u00famsloftsins.&nbsp;<\/p>\n\n\n\n<p><strong>Sta\u00f0a:<\/strong> Forveri [P] var skoti\u00f0 \u00e1 loft \u00ed okt\u00f3ber 2017. \u00c1\u00e6tla\u00f0 er a\u00f0 skj\u00f3ta Sentinel 5 \u00e1 loft 2025.&nbsp;<\/p>\n\n\n\n<div style=\"height:30px\" aria-hidden=\"true\" class=\"wp-block-spacer\"><\/div>\n\n\n\n<div class=\"wp-block-media-text is-stacked-on-mobile\"><figure class=\"wp-block-media-text__media\"><img loading=\"lazy\" decoding=\"async\" width=\"1024\" height=\"576\" src=\"https:\/\/copernicus.gis.is\/homepage\/wp-content\/uploads\/2024\/09\/Sentinel-6_Jason_CS_pillars-1024x576.jpg\" alt=\"\" class=\"wp-image-409 size-full\" srcset=\"https:\/\/copernicus.gis.is\/homepage\/wp-content\/uploads\/2024\/09\/Sentinel-6_Jason_CS_pillars-1024x576.jpg 1024w, https:\/\/copernicus.gis.is\/homepage\/wp-content\/uploads\/2024\/09\/Sentinel-6_Jason_CS_pillars-300x169.jpg 300w, https:\/\/copernicus.gis.is\/homepage\/wp-content\/uploads\/2024\/09\/Sentinel-6_Jason_CS_pillars-768x432.jpg 768w, https:\/\/copernicus.gis.is\/homepage\/wp-content\/uploads\/2024\/09\/Sentinel-6_Jason_CS_pillars-1536x864.jpg 1536w, https:\/\/copernicus.gis.is\/homepage\/wp-content\/uploads\/2024\/09\/Sentinel-6_Jason_CS_pillars.jpg 1920w\" sizes=\"auto, (max-width: 1024px) 100vw, 1024px\" \/><\/figure><div class=\"wp-block-media-text__content\">\n<h2 class=\"wp-block-heading\">Sentinel 6<\/h2>\n<\/div><\/div>\n\n\n\n<p><strong>L\u00fdsing:<\/strong> Sentinel 6 m\u00e6lir breytingar \u00e1 sj\u00e1varst\u00f6\u00f0u og \u00fatvegar n\u00e1kv\u00e6m g\u00f6gn fyrir ranns\u00f3knir \u00e1 hafi og loftslagsv\u00f6ktun.&nbsp;<\/p>\n\n\n\n<p><strong>Notkun:<\/strong> G\u00f6gnin eru notu\u00f0 til a\u00f0 fylgjast me\u00f0 sj\u00e1varst\u00f6\u00f0u og einnig vi\u00f0 haf- og loftslagsranns\u00f3knir.&nbsp;<\/p>\n\n\n\n<p><strong>Sta\u00f0a:<\/strong> Skoti\u00f0 \u00e1 loft [A] \u00ed n\u00f3vember 2020. \u00c1\u00e6tla\u00f0 er a\u00f0 skj\u00f3ta \u00f6\u00f0ru gervitungli \u00e1 loft [B] \u00e1ri\u00f0 2025.&nbsp;<\/p>\n\n\n\n<div style=\"height:30px\" aria-hidden=\"true\" class=\"wp-block-spacer\"><\/div>\n\n\n\n<div class=\"wp-block-media-text is-stacked-on-mobile\"><figure class=\"wp-block-media-text__media\"><img loading=\"lazy\" decoding=\"async\" width=\"1024\" height=\"576\" src=\"https:\/\/copernicus.gis.is\/homepage\/wp-content\/uploads\/2024\/09\/Copernicus_Contributing_Missions_overview-1024x576.png\" alt=\"Copernicus contributing missions.\nCredit: ESA\" class=\"wp-image-570 size-full\" srcset=\"https:\/\/copernicus.gis.is\/homepage\/wp-content\/uploads\/2024\/09\/Copernicus_Contributing_Missions_overview-1024x576.png 1024w, https:\/\/copernicus.gis.is\/homepage\/wp-content\/uploads\/2024\/09\/Copernicus_Contributing_Missions_overview-300x169.png 300w, https:\/\/copernicus.gis.is\/homepage\/wp-content\/uploads\/2024\/09\/Copernicus_Contributing_Missions_overview-768x432.png 768w, https:\/\/copernicus.gis.is\/homepage\/wp-content\/uploads\/2024\/09\/Copernicus_Contributing_Missions_overview-1536x864.png 1536w, https:\/\/copernicus.gis.is\/homepage\/wp-content\/uploads\/2024\/09\/Copernicus_Contributing_Missions_overview-2048x1152.png 2048w\" sizes=\"auto, (max-width: 1024px) 100vw, 1024px\" \/><\/figure><div class=\"wp-block-media-text__content\">\n<h4 class=\"wp-block-heading\">Aukaframlag Copernicus vi\u00f0 v\u00f6ktun jar\u00f0ar&nbsp;<\/h4>\n<\/div><\/div>\n\n\n\n<p>Aukaframlag Copernicus vi\u00f0 v\u00f6ktun (e. The Copernicus Contributing Missions) gegnir mikilv\u00e6gu hlutverki vi\u00f0 v\u00f6ktun jar\u00f0ar me\u00f0 \u00fev\u00ed a\u00f0 afhenda g\u00f6gn fr\u00e1 \u00f6\u00f0rum sem sty\u00f0ja vi\u00f0 g\u00f6gn fr\u00e1 Sentinel-gervitunglunum. \u00deessi g\u00f6gn koma fr\u00e1 gervitunglum sem eru fr\u00e1 evr\u00f3pskum og al\u00fej\u00f3\u00f0legum rekstrara\u00f0ilum og,\u00e6ta \u00fe\u00f6rfum \u00fej\u00f3nustua\u00f0ila Copernicus, oft me\u00f0 h\u00e6rri upplausn e\u00f0a mismunandi skynjunargetu \u00e1 me\u00f0an Sentinel gervitunglin einbl\u00edna \u00e1 kerfisbundna langt\u00edmav\u00f6ktun \u00e1 yfirbor\u00f0i jar\u00f0ar.&nbsp;<\/p>\n\n\n\n<p>L\u00e6r\u00f0u meira um Copernicus Contributing Missions <a href=\"https:\/\/spacedata.copernicus.eu\/web\/guest\/contributing_missions\" data-type=\"link\" data-id=\"https:\/\/spacedata.copernicus.eu\/web\/guest\/contributing_missions\">h\u00e9r<\/a><\/p>\n\n\n\n<div style=\"height:30px\" aria-hidden=\"true\" class=\"wp-block-spacer\"><\/div>\n\n\n\n<hr class=\"wp-block-separator has-alpha-channel-opacity is-style-wide\"\/>\n\n\n\n<p>\u00de\u00fa getur fylgst me\u00f0 sta\u00f0setningu Sentinel gervitunglanna \u00e1 sporbaug \u00ed beinni h\u00e9r \u00ed <a href=\"https:\/\/operations.dashboard.copernicus.eu\/acquisitions-status.html\">ESA Sentinel stj\u00f3rnbor\u00f0inu<\/a>.<\/p>\n\n\n\n<p>Lestu meira um Copernicus Sentinel gervitunglin <a href=\"https:\/\/www.copernicus.eu\/en\/about-copernicus\/infrastructure-overview\/discover-our-satellites\">h\u00e9r<\/a>.<\/p>\n\n\n\n<div style=\"height:24px\" aria-hidden=\"true\" class=\"wp-block-spacer\"><\/div>\n\n\n\n<hr class=\"wp-block-separator has-alpha-channel-opacity is-style-wide\"\/>\n\n\n\n<h2 class=\"wp-block-heading\">Fr\u00e9ttir um Sentinel g\u00f6gn fr\u00e1 Copernicus<\/h2>\n\n\n<ul class=\"has-dates has-excerpts wp-block-rss\"><li class='wp-block-rss__item'><div class='wp-block-rss__item-title'><a href='https:\/\/dataspace.copernicus.eu\/news\/2026-4-30-planned-upgrade-eodata-storage-14052026-0600-1000-cest'>Planned upgrade of EOData storage 14\/05\/2026 from 06:00 to 10:00 CEST<\/a><\/div><time datetime=\"2026-04-30T11:25:48+00:00\" class=\"wp-block-rss__item-publish-date\">2026-04-30<\/time> <div class=\"wp-block-rss__item-excerpt\">Planned upgrade of EOData storage 14\/05\/2026 from 06:00 to 10:00 CEST<\/div><\/li><li class='wp-block-rss__item'><div class='wp-block-rss__item-title'><a href='https:\/\/dataspace.copernicus.eu\/news\/2026-4-30-planned-upgrade-eodata-repository-18052026-1000-1200-cest'>Planned upgrade of EOData repository 18\/05\/2026 from 10:00 to 12:00 CEST<\/a><\/div><time datetime=\"2026-04-30T08:23:33+00:00\" class=\"wp-block-rss__item-publish-date\">2026-04-30<\/time> <div class=\"wp-block-rss__item-excerpt\">Planned upgrade of EOData repository 18\/05\/2026 from 10:00 to 12:00 CEST<\/div><\/li><li class='wp-block-rss__item'><div class='wp-block-rss__item-title'><a href='https:\/\/dataspace.copernicus.eu\/news\/2026-4-29-copernicus-sentinel-1c-data-unavailability-28-april-2026'>Copernicus Sentinel-1C Data Unavailability on 28 April 2026<\/a><\/div><time datetime=\"2026-04-29T07:43:58+00:00\" class=\"wp-block-rss__item-publish-date\">2026-04-29<\/time> <div class=\"wp-block-rss__item-excerpt\">Copernicus Sentinel-1C Data Unavailability on 28 April 2026<\/div><\/li><li class='wp-block-rss__item'><div class='wp-block-rss__item-title'><a href='https:\/\/dataspace.copernicus.eu\/news\/2026-4-29-copernicus-sentinel-3a-unavailability-notice-ip-manoeuvre-155-planned-29-april-2026'>Copernicus Sentinel-3A unavailability notice for the IP Manoeuvre #155 planned on 29 April 2026 [DOY 119]<\/a><\/div><time datetime=\"2026-04-29T05:29:01+00:00\" class=\"wp-block-rss__item-publish-date\">2026-04-29<\/time> <div class=\"wp-block-rss__item-excerpt\">Copernicus Sentinel-3A unavailability notice for the IP Manoeuvre #155 planned on 29 April 2026 [DOY 119]<\/div><\/li><li class='wp-block-rss__item'><div class='wp-block-rss__item-title'><a href='https:\/\/dataspace.copernicus.eu\/news\/2026-4-27-new-sentinel-3-altimetry-non-operational-demonstration-data-products-land-ice-and'>New Sentinel-3 altimetry non-operational demonstration data products for Land Ice and Lakes &amp; Reservoirs<\/a><\/div><time datetime=\"2026-04-27T09:29:24+00:00\" class=\"wp-block-rss__item-publish-date\">2026-04-27<\/time> <div class=\"wp-block-rss__item-excerpt\">New Sentinel-3 altimetry non-operational demonstration data products for Land Ice and Lakes &amp; Reservoirs<\/div><\/li><li class='wp-block-rss__item'><div class='wp-block-rss__item-title'><a href='https:\/\/dataspace.copernicus.eu\/news\/2026-4-27-monitoring-penguins-sentinel-data'>Monitoring Penguins with Sentinel data<\/a><\/div><time datetime=\"2026-04-27T09:08:24+00:00\" class=\"wp-block-rss__item-publish-date\">2026-04-27<\/time> <div class=\"wp-block-rss__item-excerpt\">Monitoring Penguins with Sentinel data<\/div><\/li><li class='wp-block-rss__item'><div class='wp-block-rss__item-title'><a href='https:\/\/dataspace.copernicus.eu\/news\/2026-4-21-sentinel-2c-reprocessing-tandem-data-sentinel-2a'>Sentinel-2C Reprocessing of Tandem Data with Sentinel-2A<\/a><\/div><time datetime=\"2026-04-21T12:18:56+00:00\" class=\"wp-block-rss__item-publish-date\">2026-04-21<\/time> <div class=\"wp-block-rss__item-excerpt\">Sentinel-2C Reprocessing of Tandem Data with Sentinel-2A<\/div><\/li><li class='wp-block-rss__item'><div class='wp-block-rss__item-title'><a href='https:\/\/dataspace.copernicus.eu\/news\/2026-4-20-major-upgrade-cdse-networking-28042026'>Major upgrade of CDSE networking on 28\/04\/2026<\/a><\/div><time datetime=\"2026-04-20T10:19:42+00:00\" class=\"wp-block-rss__item-publish-date\">2026-04-20<\/time> <div class=\"wp-block-rss__item-excerpt\">Major upgrade of CDSE networking on 28\/04\/2026<\/div><\/li><li class='wp-block-rss__item'><div class='wp-block-rss__item-title'><a href='https:\/\/dataspace.copernicus.eu\/news\/2026-4-16-sentinel-1d-user-data-opening-17042026'>Sentinel-1D User Data Opening from 17\/04\/2026<\/a><\/div><time datetime=\"2026-04-16T09:14:08+00:00\" class=\"wp-block-rss__item-publish-date\">2026-04-16<\/time> <div class=\"wp-block-rss__item-excerpt\">Sentinel-1D User Data Opening from 17\/04\/2026<\/div><\/li><li class='wp-block-rss__item'><div class='wp-block-rss__item-title'><a href='https:\/\/dataspace.copernicus.eu\/news\/2026-4-16-delay-publication-sentinel-1-and-sentinel-2-data-1314-04-2026'>Delay in publication of Sentinel-1 and Sentinel-2 data on 13\/14-04-2026<\/a><\/div><time datetime=\"2026-04-16T05:17:19+00:00\" class=\"wp-block-rss__item-publish-date\">2026-04-16<\/time> <div class=\"wp-block-rss__item-excerpt\">Delay in publication of Sentinel-1 and Sentinel-2 data on 13\/14-04-2026<\/div><\/li><\/ul>","protected":false},"excerpt":{"rendered":"<p>Sentinel gervitunglin eru h\u00f6nnu\u00f0 til athugana \u00e1 \u00fdmsum \u00fe\u00e1ttum jar\u00f0athugana og eru lykil\u00fe\u00e1ttur \u00ed Copernicus \u00e1\u00e6tlun Evr\u00f3pusambandsins. Gervitunglin sj\u00e1 notendum fyrir samfelldum h\u00e1upplausnarg\u00f6gnum um land, h\u00f6f og andr\u00famsloft. Sentinel gervitunglin hafa mismunandi verkefni og fylgjast \u00feannig me\u00f0 loftslagsbreytingum, n\u00e1tt\u00faruhamf\u00f6rum, sk\u00f3garh\u00f6ggi og mengun og sty\u00f0ja \u00feannig vi\u00f0 umhverfisvernd og vi\u00f0br\u00f6g\u00f0 vi\u00f0 hamf\u00f6rum \u00e1 heimsv\u00edsu.&nbsp; Sentinel 1 [&hellip;]<\/p>\n","protected":false},"author":2,"featured_media":0,"parent":43,"menu_order":0,"comment_status":"closed","ping_status":"closed","template":"page-large-header","meta":{"footnotes":""},"class_list":["post-482","page","type-page","status-publish","hentry"],"_links":{"self":[{"href":"https:\/\/copernicus.gis.is\/homepage\/index.php\/wp-json\/wp\/v2\/pages\/482","targetHints":{"allow":["GET"]}}],"collection":[{"href":"https:\/\/copernicus.gis.is\/homepage\/index.php\/wp-json\/wp\/v2\/pages"}],"about":[{"href":"https:\/\/copernicus.gis.is\/homepage\/index.php\/wp-json\/wp\/v2\/types\/page"}],"author":[{"embeddable":true,"href":"https:\/\/copernicus.gis.is\/homepage\/index.php\/wp-json\/wp\/v2\/users\/2"}],"replies":[{"embeddable":true,"href":"https:\/\/copernicus.gis.is\/homepage\/index.php\/wp-json\/wp\/v2\/comments?post=482"}],"version-history":[{"count":5,"href":"https:\/\/copernicus.gis.is\/homepage\/index.php\/wp-json\/wp\/v2\/pages\/482\/revisions"}],"predecessor-version":[{"id":1124,"href":"https:\/\/copernicus.gis.is\/homepage\/index.php\/wp-json\/wp\/v2\/pages\/482\/revisions\/1124"}],"up":[{"embeddable":true,"href":"https:\/\/copernicus.gis.is\/homepage\/index.php\/wp-json\/wp\/v2\/pages\/43"}],"wp:attachment":[{"href":"https:\/\/copernicus.gis.is\/homepage\/index.php\/wp-json\/wp\/v2\/media?parent=482"}],"curies":[{"name":"wp","href":"https:\/\/api.w.org\/{rel}","templated":true}]}}